{"id":142,"date":"2016-12-13T12:24:02","date_gmt":"2016-12-13T11:24:02","guid":{"rendered":"http:\/\/www.lafraternelle.info\/Site\/?page_id=142"},"modified":"2024-06-26T16:13:55","modified_gmt":"2024-06-26T14:13:55","slug":"le-bureau","status":"publish","type":"page","link":"https:\/\/www.lafraternelle.info\/Site\/le-bureau\/","title":{"rendered":"Le bureau"},"content":{"rendered":"\t\t<div data-elementor-type=\"wp-page\" data-elementor-id=\"142\" class=\"elementor elementor-142\">\n\t\t\t\t<div class=\"elementor-element elementor-element-23793cf e-flex e-con-boxed e-con e-parent\" data-id=\"23793cf\" data-element_type=\"container\" data-e-type=\"container\">\n\t\t\t\t\t<div class=\"e-con-inner\">\n\t\t<div class=\"elementor-element elementor-element-330a40e e-con-full e-flex e-con e-child\" data-id=\"330a40e\" data-element_type=\"container\" data-e-type=\"container\">\n\t\t\t\t<div class=\"elementor-element elementor-element-b84bde9 elementor-widget elementor-widget-heading\" data-id=\"b84bde9\" data-element_type=\"widget\" data-e-type=\"widget\" data-widget_type=\"heading.default\">\n\t\t\t\t<div class=\"elementor-widget-container\">\n\t\t\t\t\t<h3 class=\"elementor-heading-title elementor-size-default\">Pr\u00e9sident<\/h3>\t\t\t\t<\/div>\n\t\t\t\t<\/div>\n\t\t\t\t<div class=\"elementor-element elementor-element-d191973 elementor-widget elementor-widget-image\" data-id=\"d191973\" data-element_type=\"widget\" data-e-type=\"widget\" data-widget_type=\"image.default\">\n\t\t\t\t<div class=\"elementor-widget-container\">\n\t\t\t\t\t\t\t\t\t\t\t\t\t\t\t<img decoding=\"async\" data-attachment-id=\"1088\" data-permalink=\"https:\/\/www.lafraternelle.info\/Site\/le-bureau\/decet-2\/\" data-orig-file=\"https:\/\/i0.wp.com\/www.lafraternelle.info\/Site\/wp-content\/uploads\/2022\/02\/DECET.jpg?fit=208%2C278&amp;ssl=1\" data-orig-size=\"208,278\" data-comments-opened=\"0\" data-image-meta=\"{&quot;aperture&quot;:&quot;0&quot;,&quot;credit&quot;:&quot;&quot;,&quot;camera&quot;:&quot;&quot;,&quot;caption&quot;:&quot;&quot;,&quot;created_timestamp&quot;:&quot;0&quot;,&quot;copyright&quot;:&quot;&quot;,&quot;focal_length&quot;:&quot;0&quot;,&quot;iso&quot;:&quot;0&quot;,&quot;shutter_speed&quot;:&quot;0&quot;,&quot;title&quot;:&quot;&quot;,&quot;orientation&quot;:&quot;1&quot;}\" data-image-title=\"DECET\" data-image-description=\"\" data-image-caption=\"\" data-large-file=\"https:\/\/i0.wp.com\/www.lafraternelle.info\/Site\/wp-content\/uploads\/2022\/02\/DECET.jpg?fit=208%2C278&amp;ssl=1\" width=\"150\" height=\"150\" src=\"https:\/\/i0.wp.com\/www.lafraternelle.info\/Site\/wp-content\/uploads\/2022\/02\/DECET.jpg?resize=150%2C150&amp;ssl=1\" class=\"attachment-thumbnail size-thumbnail wp-image-1088\" alt=\"\" data-attachment-id=\"1088\" data-permalink=\"https:\/\/www.lafraternelle.info\/Site\/le-bureau\/decet-2\/\" data-orig-file=\"https:\/\/i0.wp.com\/www.lafraternelle.info\/Site\/wp-content\/uploads\/2022\/02\/DECET.jpg?fit=208%2C278&amp;ssl=1\" data-orig-size=\"208,278\" data-comments-opened=\"0\" data-image-meta=\"{&quot;aperture&quot;:&quot;0&quot;,&quot;credit&quot;:&quot;&quot;,&quot;camera&quot;:&quot;&quot;,&quot;caption&quot;:&quot;&quot;,&quot;created_timestamp&quot;:&quot;0&quot;,&quot;copyright&quot;:&quot;&quot;,&quot;focal_length&quot;:&quot;0&quot;,&quot;iso&quot;:&quot;0&quot;,&quot;shutter_speed&quot;:&quot;0&quot;,&quot;title&quot;:&quot;&quot;,&quot;orientation&quot;:&quot;1&quot;}\" data-image-title=\"DECET\" data-image-description=\"\" data-image-caption=\"\" data-large-file=\"https:\/\/i0.wp.com\/www.lafraternelle.info\/Site\/wp-content\/uploads\/2022\/02\/DECET.jpg?fit=208%2C278&amp;ssl=1\" \/>\t\t\t\t\t\t\t\t\t\t\t\t\t\t\t<\/div>\n\t\t\t\t<\/div>\n\t\t\t\t<div class=\"elementor-element elementor-element-d1a9f3b elementor-widget elementor-widget-text-editor\" data-id=\"d1a9f3b\" data-element_type=\"widget\" data-e-type=\"widget\" data-widget_type=\"text-editor.default\">\n\t\t\t\t<div class=\"elementor-widget-container\">\n\t\t\t\t\t\t\t\t\t<p style=\"text-align: center;\">DECET Gabriel<br \/>N\u00e9 le 12\/121954 \u00e0 Thionville(57)<br \/>38, rue De Gaulle<br \/>57330 HETTANGE-GRANDE<br \/>Tel : 06 68 94 89 02<\/p>\t\t\t\t\t\t\t\t<\/div>\n\t\t\t\t<\/div>\n\t\t\t\t<\/div>\n\t\t<div class=\"elementor-element elementor-element-7b5441d e-con-full e-flex e-con e-child\" data-id=\"7b5441d\" data-element_type=\"container\" data-e-type=\"container\">\n\t\t\t\t<div class=\"elementor-element elementor-element-f160e54 elementor-widget elementor-widget-heading\" data-id=\"f160e54\" data-element_type=\"widget\" data-e-type=\"widget\" data-widget_type=\"heading.default\">\n\t\t\t\t<div class=\"elementor-widget-container\">\n\t\t\t\t\t<h3 class=\"elementor-heading-title elementor-size-default\">1er Vice Pr\u00e9sident<\/h3>\t\t\t\t<\/div>\n\t\t\t\t<\/div>\n\t\t\t\t<div class=\"elementor-element elementor-element-978c75a elementor-widget elementor-widget-image\" data-id=\"978c75a\" data-element_type=\"widget\" data-e-type=\"widget\" data-widget_type=\"image.default\">\n\t\t\t\t<div class=\"elementor-widget-container\">\n\t\t\t\t\t\t\t\t\t\t\t\t\t\t\t<img decoding=\"async\" data-attachment-id=\"1087\" data-permalink=\"https:\/\/www.lafraternelle.info\/Site\/le-bureau\/cauderlier\/\" data-orig-file=\"https:\/\/i0.wp.com\/www.lafraternelle.info\/Site\/wp-content\/uploads\/2022\/02\/CAUDERLIER.jpg?fit=208%2C278&amp;ssl=1\" data-orig-size=\"208,278\" data-comments-opened=\"0\" data-image-meta=\"{&quot;aperture&quot;:&quot;0&quot;,&quot;credit&quot;:&quot;&quot;,&quot;camera&quot;:&quot;&quot;,&quot;caption&quot;:&quot;&quot;,&quot;created_timestamp&quot;:&quot;0&quot;,&quot;copyright&quot;:&quot;&quot;,&quot;focal_length&quot;:&quot;0&quot;,&quot;iso&quot;:&quot;0&quot;,&quot;shutter_speed&quot;:&quot;0&quot;,&quot;title&quot;:&quot;&quot;,&quot;orientation&quot;:&quot;1&quot;}\" data-image-title=\"CAUDERLIER\" data-image-description=\"\" data-image-caption=\"\" data-large-file=\"https:\/\/i0.wp.com\/www.lafraternelle.info\/Site\/wp-content\/uploads\/2022\/02\/CAUDERLIER.jpg?fit=208%2C278&amp;ssl=1\" width=\"150\" height=\"150\" src=\"https:\/\/i0.wp.com\/www.lafraternelle.info\/Site\/wp-content\/uploads\/2022\/02\/CAUDERLIER.jpg?resize=150%2C150&amp;ssl=1\" class=\"attachment-thumbnail size-thumbnail wp-image-1087\" alt=\"\" data-attachment-id=\"1087\" data-permalink=\"https:\/\/www.lafraternelle.info\/Site\/le-bureau\/cauderlier\/\" data-orig-file=\"https:\/\/i0.wp.com\/www.lafraternelle.info\/Site\/wp-content\/uploads\/2022\/02\/CAUDERLIER.jpg?fit=208%2C278&amp;ssl=1\" data-orig-size=\"208,278\" data-comments-opened=\"0\" data-image-meta=\"{&quot;aperture&quot;:&quot;0&quot;,&quot;credit&quot;:&quot;&quot;,&quot;camera&quot;:&quot;&quot;,&quot;caption&quot;:&quot;&quot;,&quot;created_timestamp&quot;:&quot;0&quot;,&quot;copyright&quot;:&quot;&quot;,&quot;focal_length&quot;:&quot;0&quot;,&quot;iso&quot;:&quot;0&quot;,&quot;shutter_speed&quot;:&quot;0&quot;,&quot;title&quot;:&quot;&quot;,&quot;orientation&quot;:&quot;1&quot;}\" data-image-title=\"CAUDERLIER\" data-image-description=\"\" data-image-caption=\"\" data-large-file=\"https:\/\/i0.wp.com\/www.lafraternelle.info\/Site\/wp-content\/uploads\/2022\/02\/CAUDERLIER.jpg?fit=208%2C278&amp;ssl=1\" \/>\t\t\t\t\t\t\t\t\t\t\t\t\t\t\t<\/div>\n\t\t\t\t<\/div>\n\t\t\t\t<div class=\"elementor-element elementor-element-f4ccabe elementor-widget elementor-widget-text-editor\" data-id=\"f4ccabe\" data-element_type=\"widget\" data-e-type=\"widget\" data-widget_type=\"text-editor.default\">\n\t\t\t\t<div class=\"elementor-widget-container\">\n\t\t\t\t\t\t\t\t\t<p style=\"text-align: center;\">CAUDERLIER Michel<br \/>N\u00e9 le 29 \/06\/1950 \u00e0 Thionville (57)<br \/>15 Rue de Lorraine<br \/>57970 YUTZ<br \/>Tel : 06 51 57 70 25<\/p>\t\t\t\t\t\t\t\t<\/div>\n\t\t\t\t<\/div>\n\t\t\t\t<\/div>\n\t\t\t\t\t<\/div>\n\t\t\t\t<\/div>\n\t\t<div class=\"elementor-element elementor-element-23d3fb0 e-flex e-con-boxed e-con e-parent\" data-id=\"23d3fb0\" data-element_type=\"container\" data-e-type=\"container\">\n\t\t\t\t\t<div class=\"e-con-inner\">\n\t\t<div class=\"elementor-element elementor-element-2f47cfa e-con-full e-flex e-con e-child\" data-id=\"2f47cfa\" data-element_type=\"container\" data-e-type=\"container\">\n\t\t\t\t<div class=\"elementor-element elementor-element-4399151 elementor-widget elementor-widget-heading\" data-id=\"4399151\" data-element_type=\"widget\" data-e-type=\"widget\" data-widget_type=\"heading.default\">\n\t\t\t\t<div class=\"elementor-widget-container\">\n\t\t\t\t\t<h3 class=\"elementor-heading-title elementor-size-default\">2\u00e8me Vice Pr\u00e9sident<\/h3>\t\t\t\t<\/div>\n\t\t\t\t<\/div>\n\t\t\t\t<div class=\"elementor-element elementor-element-d99166e elementor-widget elementor-widget-image\" data-id=\"d99166e\" data-element_type=\"widget\" data-e-type=\"widget\" data-widget_type=\"image.default\">\n\t\t\t\t<div class=\"elementor-widget-container\">\n\t\t\t\t\t\t\t\t\t\t\t\t\t\t\t<img decoding=\"async\" data-attachment-id=\"1086\" data-permalink=\"https:\/\/www.lafraternelle.info\/Site\/le-bureau\/bailly\/\" data-orig-file=\"https:\/\/i0.wp.com\/www.lafraternelle.info\/Site\/wp-content\/uploads\/2022\/02\/BAILLY.jpg?fit=218%2C292&amp;ssl=1\" data-orig-size=\"218,292\" data-comments-opened=\"0\" data-image-meta=\"{&quot;aperture&quot;:&quot;0&quot;,&quot;credit&quot;:&quot;&quot;,&quot;camera&quot;:&quot;&quot;,&quot;caption&quot;:&quot;&quot;,&quot;created_timestamp&quot;:&quot;0&quot;,&quot;copyright&quot;:&quot;&quot;,&quot;focal_length&quot;:&quot;0&quot;,&quot;iso&quot;:&quot;0&quot;,&quot;shutter_speed&quot;:&quot;0&quot;,&quot;title&quot;:&quot;&quot;,&quot;orientation&quot;:&quot;1&quot;}\" data-image-title=\"BAILLY\" data-image-description=\"\" data-image-caption=\"\" data-large-file=\"https:\/\/i0.wp.com\/www.lafraternelle.info\/Site\/wp-content\/uploads\/2022\/02\/BAILLY.jpg?fit=218%2C292&amp;ssl=1\" width=\"150\" height=\"150\" src=\"https:\/\/i0.wp.com\/www.lafraternelle.info\/Site\/wp-content\/uploads\/2022\/02\/BAILLY.jpg?resize=150%2C150&amp;ssl=1\" class=\"attachment-thumbnail size-thumbnail wp-image-1086\" alt=\"\" data-attachment-id=\"1086\" data-permalink=\"https:\/\/www.lafraternelle.info\/Site\/le-bureau\/bailly\/\" data-orig-file=\"https:\/\/i0.wp.com\/www.lafraternelle.info\/Site\/wp-content\/uploads\/2022\/02\/BAILLY.jpg?fit=218%2C292&amp;ssl=1\" data-orig-size=\"218,292\" data-comments-opened=\"0\" data-image-meta=\"{&quot;aperture&quot;:&quot;0&quot;,&quot;credit&quot;:&quot;&quot;,&quot;camera&quot;:&quot;&quot;,&quot;caption&quot;:&quot;&quot;,&quot;created_timestamp&quot;:&quot;0&quot;,&quot;copyright&quot;:&quot;&quot;,&quot;focal_length&quot;:&quot;0&quot;,&quot;iso&quot;:&quot;0&quot;,&quot;shutter_speed&quot;:&quot;0&quot;,&quot;title&quot;:&quot;&quot;,&quot;orientation&quot;:&quot;1&quot;}\" data-image-title=\"BAILLY\" data-image-description=\"\" data-image-caption=\"\" data-large-file=\"https:\/\/i0.wp.com\/www.lafraternelle.info\/Site\/wp-content\/uploads\/2022\/02\/BAILLY.jpg?fit=218%2C292&amp;ssl=1\" \/>\t\t\t\t\t\t\t\t\t\t\t\t\t\t\t<\/div>\n\t\t\t\t<\/div>\n\t\t\t\t<div class=\"elementor-element elementor-element-07691b1 elementor-widget elementor-widget-text-editor\" data-id=\"07691b1\" data-element_type=\"widget\" data-e-type=\"widget\" data-widget_type=\"text-editor.default\">\n\t\t\t\t<div class=\"elementor-widget-container\">\n\t\t\t\t\t\t\t\t\t<p style=\"text-align: center;\">BAILLY Arnaud<br \/>N\u00e9 le 15\/07 \/1970 \u00e0 Bar le duc (55)<br \/>21 Rue des colombes<br \/>57525 Talange<br \/>Tel : 06 80 84 98 13<\/p>\t\t\t\t\t\t\t\t<\/div>\n\t\t\t\t<\/div>\n\t\t\t\t<\/div>\n\t\t<div class=\"elementor-element elementor-element-8457b70 e-con-full e-flex e-con e-child\" data-id=\"8457b70\" data-element_type=\"container\" data-e-type=\"container\">\n\t\t\t\t<div class=\"elementor-element elementor-element-118717f elementor-widget elementor-widget-heading\" data-id=\"118717f\" data-element_type=\"widget\" data-e-type=\"widget\" data-widget_type=\"heading.default\">\n\t\t\t\t<div class=\"elementor-widget-container\">\n\t\t\t\t\t<h3 class=\"elementor-heading-title elementor-size-default\">Secr\u00e9taire<\/h3>\t\t\t\t<\/div>\n\t\t\t\t<\/div>\n\t\t\t\t<div class=\"elementor-element elementor-element-a8daf71 elementor-widget elementor-widget-image\" data-id=\"a8daf71\" data-element_type=\"widget\" data-e-type=\"widget\" data-widget_type=\"image.default\">\n\t\t\t\t<div class=\"elementor-widget-container\">\n\t\t\t\t\t\t\t\t\t\t\t\t\t\t\t<img loading=\"lazy\" decoding=\"async\" data-attachment-id=\"1236\" data-permalink=\"https:\/\/www.lafraternelle.info\/Site\/le-bureau\/dsc_07622-212414\/\" data-orig-file=\"https:\/\/i0.wp.com\/www.lafraternelle.info\/Site\/wp-content\/uploads\/2023\/11\/DSC_07622-212414-scaled.jpg?fit=1710%2C2560&amp;ssl=1\" data-orig-size=\"1710,2560\" data-comments-opened=\"0\" data-image-meta=\"{&quot;aperture&quot;:&quot;0&quot;,&quot;credit&quot;:&quot;&quot;,&quot;camera&quot;:&quot;&quot;,&quot;caption&quot;:&quot;&quot;,&quot;created_timestamp&quot;:&quot;0&quot;,&quot;copyright&quot;:&quot;&quot;,&quot;focal_length&quot;:&quot;0&quot;,&quot;iso&quot;:&quot;0&quot;,&quot;shutter_speed&quot;:&quot;0&quot;,&quot;title&quot;:&quot;&quot;,&quot;orientation&quot;:&quot;0&quot;}\" data-image-title=\"DSC_0762~2 (2)[12414]\" data-image-description=\"\" data-image-caption=\"\" data-large-file=\"https:\/\/i0.wp.com\/www.lafraternelle.info\/Site\/wp-content\/uploads\/2023\/11\/DSC_07622-212414-scaled.jpg?fit=684%2C1024&amp;ssl=1\" width=\"150\" height=\"150\" src=\"https:\/\/i0.wp.com\/www.lafraternelle.info\/Site\/wp-content\/uploads\/2023\/11\/DSC_07622-212414-scaled.jpg?resize=150%2C150&amp;ssl=1\" class=\"attachment-thumbnail size-thumbnail wp-image-1236\" alt=\"\" srcset=\"https:\/\/i0.wp.com\/www.lafraternelle.info\/Site\/wp-content\/uploads\/2023\/11\/DSC_07622-212414-scaled.jpg?resize=150%2C150&amp;ssl=1 150w, https:\/\/i0.wp.com\/www.lafraternelle.info\/Site\/wp-content\/uploads\/2023\/11\/DSC_07622-212414-scaled.jpg?zoom=2&amp;resize=150%2C150 300w, https:\/\/i0.wp.com\/www.lafraternelle.info\/Site\/wp-content\/uploads\/2023\/11\/DSC_07622-212414-scaled.jpg?zoom=3&amp;resize=150%2C150 450w\" sizes=\"(max-width: 150px) 100vw, 150px\" data-attachment-id=\"1236\" data-permalink=\"https:\/\/www.lafraternelle.info\/Site\/le-bureau\/dsc_07622-212414\/\" data-orig-file=\"https:\/\/i0.wp.com\/www.lafraternelle.info\/Site\/wp-content\/uploads\/2023\/11\/DSC_07622-212414-scaled.jpg?fit=1710%2C2560&amp;ssl=1\" data-orig-size=\"1710,2560\" data-comments-opened=\"0\" data-image-meta=\"{&quot;aperture&quot;:&quot;0&quot;,&quot;credit&quot;:&quot;&quot;,&quot;camera&quot;:&quot;&quot;,&quot;caption&quot;:&quot;&quot;,&quot;created_timestamp&quot;:&quot;0&quot;,&quot;copyright&quot;:&quot;&quot;,&quot;focal_length&quot;:&quot;0&quot;,&quot;iso&quot;:&quot;0&quot;,&quot;shutter_speed&quot;:&quot;0&quot;,&quot;title&quot;:&quot;&quot;,&quot;orientation&quot;:&quot;0&quot;}\" data-image-title=\"DSC_0762~2 (2)[12414]\" data-image-description=\"\" data-image-caption=\"\" data-large-file=\"https:\/\/i0.wp.com\/www.lafraternelle.info\/Site\/wp-content\/uploads\/2023\/11\/DSC_07622-212414-scaled.jpg?fit=684%2C1024&amp;ssl=1\" \/>\t\t\t\t\t\t\t\t\t\t\t\t\t\t\t<\/div>\n\t\t\t\t<\/div>\n\t\t\t\t<div class=\"elementor-element elementor-element-d186a59 elementor-widget elementor-widget-text-editor\" data-id=\"d186a59\" data-element_type=\"widget\" data-e-type=\"widget\" data-widget_type=\"text-editor.default\">\n\t\t\t\t<div class=\"elementor-widget-container\">\n\t\t\t\t\t\t\t\t\t<p style=\"text-align: center;\">BUJON Patrice<br \/>n\u00e9 le 26\/07\/1959 \u00e0 Ch\u00e2teau Salin 57<br \/>80 B Lot Le Champ du Roy<br \/>57270 Uckange<br \/>Tel : 06 11 93 96 85<\/p>\t\t\t\t\t\t\t\t<\/div>\n\t\t\t\t<\/div>\n\t\t\t\t<\/div>\n\t\t\t\t\t<\/div>\n\t\t\t\t<\/div>\n\t\t<div class=\"elementor-element elementor-element-1e0c224 e-flex e-con-boxed e-con e-parent\" data-id=\"1e0c224\" data-element_type=\"container\" data-e-type=\"container\">\n\t\t\t\t\t<div class=\"e-con-inner\">\n\t\t<div class=\"elementor-element elementor-element-0db945a e-con-full e-flex e-con e-child\" data-id=\"0db945a\" data-element_type=\"container\" data-e-type=\"container\">\n\t\t\t\t<div class=\"elementor-element elementor-element-11d3559 elementor-widget elementor-widget-heading\" data-id=\"11d3559\" data-element_type=\"widget\" data-e-type=\"widget\" data-widget_type=\"heading.default\">\n\t\t\t\t<div class=\"elementor-widget-container\">\n\t\t\t\t\t<h3 class=\"elementor-heading-title elementor-size-default\">Tr\u00e9sorier<\/h3>\t\t\t\t<\/div>\n\t\t\t\t<\/div>\n\t\t\t\t<div class=\"elementor-element elementor-element-4bbb765 elementor-widget elementor-widget-image\" data-id=\"4bbb765\" data-element_type=\"widget\" data-e-type=\"widget\" data-widget_type=\"image.default\">\n\t\t\t\t<div class=\"elementor-widget-container\">\n\t\t\t\t\t\t\t\t\t\t\t\t\t\t\t<img loading=\"lazy\" decoding=\"async\" data-attachment-id=\"1094\" data-permalink=\"https:\/\/www.lafraternelle.info\/Site\/le-bureau\/schmitt\/\" data-orig-file=\"https:\/\/i0.wp.com\/www.lafraternelle.info\/Site\/wp-content\/uploads\/2022\/02\/SCHMITT.jpg?fit=218%2C292&amp;ssl=1\" data-orig-size=\"218,292\" data-comments-opened=\"0\" data-image-meta=\"{&quot;aperture&quot;:&quot;0&quot;,&quot;credit&quot;:&quot;&quot;,&quot;camera&quot;:&quot;&quot;,&quot;caption&quot;:&quot;&quot;,&quot;created_timestamp&quot;:&quot;0&quot;,&quot;copyright&quot;:&quot;&quot;,&quot;focal_length&quot;:&quot;0&quot;,&quot;iso&quot;:&quot;0&quot;,&quot;shutter_speed&quot;:&quot;0&quot;,&quot;title&quot;:&quot;&quot;,&quot;orientation&quot;:&quot;1&quot;}\" data-image-title=\"SCHMITT\" data-image-description=\"\" data-image-caption=\"\" data-large-file=\"https:\/\/i0.wp.com\/www.lafraternelle.info\/Site\/wp-content\/uploads\/2022\/02\/SCHMITT.jpg?fit=218%2C292&amp;ssl=1\" width=\"150\" height=\"150\" src=\"https:\/\/i0.wp.com\/www.lafraternelle.info\/Site\/wp-content\/uploads\/2022\/02\/SCHMITT.jpg?resize=150%2C150&amp;ssl=1\" class=\"attachment-thumbnail size-thumbnail wp-image-1094\" alt=\"\" data-attachment-id=\"1094\" data-permalink=\"https:\/\/www.lafraternelle.info\/Site\/le-bureau\/schmitt\/\" data-orig-file=\"https:\/\/i0.wp.com\/www.lafraternelle.info\/Site\/wp-content\/uploads\/2022\/02\/SCHMITT.jpg?fit=218%2C292&amp;ssl=1\" data-orig-size=\"218,292\" data-comments-opened=\"0\" data-image-meta=\"{&quot;aperture&quot;:&quot;0&quot;,&quot;credit&quot;:&quot;&quot;,&quot;camera&quot;:&quot;&quot;,&quot;caption&quot;:&quot;&quot;,&quot;created_timestamp&quot;:&quot;0&quot;,&quot;copyright&quot;:&quot;&quot;,&quot;focal_length&quot;:&quot;0&quot;,&quot;iso&quot;:&quot;0&quot;,&quot;shutter_speed&quot;:&quot;0&quot;,&quot;title&quot;:&quot;&quot;,&quot;orientation&quot;:&quot;1&quot;}\" data-image-title=\"SCHMITT\" data-image-description=\"\" data-image-caption=\"\" data-large-file=\"https:\/\/i0.wp.com\/www.lafraternelle.info\/Site\/wp-content\/uploads\/2022\/02\/SCHMITT.jpg?fit=218%2C292&amp;ssl=1\" \/>\t\t\t\t\t\t\t\t\t\t\t\t\t\t\t<\/div>\n\t\t\t\t<\/div>\n\t\t\t\t<div class=\"elementor-element elementor-element-690507c elementor-widget elementor-widget-text-editor\" data-id=\"690507c\" data-element_type=\"widget\" data-e-type=\"widget\" data-widget_type=\"text-editor.default\">\n\t\t\t\t<div class=\"elementor-widget-container\">\n\t\t\t\t\t\t\t\t\t<p style=\"text-align: center;\">SCHMITT Daniel<br \/>N\u00e9 le 02\/12\/1965 \u00e0 Sarre-Union (67)<br \/>17 Rue des Peupliers 57970 Kedange sur Canner<br \/>Tel : 06 25 70 19 78<\/p>\t\t\t\t\t\t\t\t<\/div>\n\t\t\t\t<\/div>\n\t\t\t\t<\/div>\n\t\t<div class=\"elementor-element elementor-element-c45d70d e-con-full e-flex e-con e-child\" data-id=\"c45d70d\" data-element_type=\"container\" data-e-type=\"container\">\n\t\t\t\t<div class=\"elementor-element elementor-element-549d101 elementor-widget elementor-widget-heading\" data-id=\"549d101\" data-element_type=\"widget\" data-e-type=\"widget\" data-widget_type=\"heading.default\">\n\t\t\t\t<div class=\"elementor-widget-container\">\n\t\t\t\t\t<h3 class=\"elementor-heading-title elementor-size-default\">Assesseurs<\/h3>\t\t\t\t<\/div>\n\t\t\t\t<\/div>\n\t\t\t\t<div class=\"elementor-element elementor-element-93ea140 elementor-widget elementor-widget-image\" data-id=\"93ea140\" data-element_type=\"widget\" data-e-type=\"widget\" data-widget_type=\"image.default\">\n\t\t\t\t<div class=\"elementor-widget-container\">\n\t\t\t\t\t\t\t\t\t\t\t\t\t\t\t<img loading=\"lazy\" decoding=\"async\" data-attachment-id=\"1092\" data-permalink=\"https:\/\/www.lafraternelle.info\/Site\/le-bureau\/roland\/\" data-orig-file=\"https:\/\/i0.wp.com\/www.lafraternelle.info\/Site\/wp-content\/uploads\/2022\/02\/ROLAND.jpg?fit=218%2C292&amp;ssl=1\" data-orig-size=\"218,292\" data-comments-opened=\"0\" data-image-meta=\"{&quot;aperture&quot;:&quot;0&quot;,&quot;credit&quot;:&quot;&quot;,&quot;camera&quot;:&quot;&quot;,&quot;caption&quot;:&quot;&quot;,&quot;created_timestamp&quot;:&quot;0&quot;,&quot;copyright&quot;:&quot;&quot;,&quot;focal_length&quot;:&quot;0&quot;,&quot;iso&quot;:&quot;0&quot;,&quot;shutter_speed&quot;:&quot;0&quot;,&quot;title&quot;:&quot;&quot;,&quot;orientation&quot;:&quot;1&quot;}\" data-image-title=\"ROLAND\" data-image-description=\"\" data-image-caption=\"\" data-large-file=\"https:\/\/i0.wp.com\/www.lafraternelle.info\/Site\/wp-content\/uploads\/2022\/02\/ROLAND.jpg?fit=218%2C292&amp;ssl=1\" width=\"150\" height=\"150\" src=\"https:\/\/i0.wp.com\/www.lafraternelle.info\/Site\/wp-content\/uploads\/2022\/02\/ROLAND.jpg?resize=150%2C150&amp;ssl=1\" class=\"attachment-thumbnail size-thumbnail wp-image-1092\" alt=\"\" data-attachment-id=\"1092\" data-permalink=\"https:\/\/www.lafraternelle.info\/Site\/le-bureau\/roland\/\" data-orig-file=\"https:\/\/i0.wp.com\/www.lafraternelle.info\/Site\/wp-content\/uploads\/2022\/02\/ROLAND.jpg?fit=218%2C292&amp;ssl=1\" data-orig-size=\"218,292\" data-comments-opened=\"0\" data-image-meta=\"{&quot;aperture&quot;:&quot;0&quot;,&quot;credit&quot;:&quot;&quot;,&quot;camera&quot;:&quot;&quot;,&quot;caption&quot;:&quot;&quot;,&quot;created_timestamp&quot;:&quot;0&quot;,&quot;copyright&quot;:&quot;&quot;,&quot;focal_length&quot;:&quot;0&quot;,&quot;iso&quot;:&quot;0&quot;,&quot;shutter_speed&quot;:&quot;0&quot;,&quot;title&quot;:&quot;&quot;,&quot;orientation&quot;:&quot;1&quot;}\" data-image-title=\"ROLAND\" data-image-description=\"\" data-image-caption=\"\" data-large-file=\"https:\/\/i0.wp.com\/www.lafraternelle.info\/Site\/wp-content\/uploads\/2022\/02\/ROLAND.jpg?fit=218%2C292&amp;ssl=1\" \/>\t\t\t\t\t\t\t\t\t\t\t\t\t\t\t<\/div>\n\t\t\t\t<\/div>\n\t\t\t\t<div class=\"elementor-element elementor-element-6219fec elementor-widget elementor-widget-text-editor\" data-id=\"6219fec\" data-element_type=\"widget\" data-e-type=\"widget\" data-widget_type=\"text-editor.default\">\n\t\t\t\t<div class=\"elementor-widget-container\">\n\t\t\t\t\t\t\t\t\t<p style=\"text-align: center;\">ROLAND Gaby<br \/>N\u00e9 le 21 \/05\/1951 \u00e0 Hayange (57)<br \/>11 Avenue Victor Hugo<br \/>57700 Hayange<br \/>Tel : 06 59 47 24 09<\/p>\t\t\t\t\t\t\t\t<\/div>\n\t\t\t\t<\/div>\n\t\t\t\t<\/div>\n\t\t\t\t\t<\/div>\n\t\t\t\t<\/div>\n\t\t<div class=\"elementor-element elementor-element-e67a40d e-flex e-con-boxed e-con e-parent\" data-id=\"e67a40d\" data-element_type=\"container\" data-e-type=\"container\">\n\t\t\t\t\t<div class=\"e-con-inner\">\n\t\t<div class=\"elementor-element elementor-element-b91c6bb e-con-full e-flex e-con e-child\" data-id=\"b91c6bb\" data-element_type=\"container\" data-e-type=\"container\">\n\t\t\t\t<div class=\"elementor-element elementor-element-fe9cda8 elementor-widget elementor-widget-heading\" data-id=\"fe9cda8\" data-element_type=\"widget\" data-e-type=\"widget\" data-widget_type=\"heading.default\">\n\t\t\t\t<div class=\"elementor-widget-container\">\n\t\t\t\t\t<h3 class=\"elementor-heading-title elementor-size-default\">Assesseurs<\/h3>\t\t\t\t<\/div>\n\t\t\t\t<\/div>\n\t\t\t\t<div class=\"elementor-element elementor-element-3c50d52 elementor-widget elementor-widget-image\" data-id=\"3c50d52\" data-element_type=\"widget\" data-e-type=\"widget\" data-widget_type=\"image.default\">\n\t\t\t\t<div class=\"elementor-widget-container\">\n\t\t\t\t\t\t\t\t\t\t\t\t\t\t\t<img loading=\"lazy\" decoding=\"async\" data-attachment-id=\"1091\" data-permalink=\"https:\/\/www.lafraternelle.info\/Site\/le-bureau\/peronny-2\/\" data-orig-file=\"https:\/\/i0.wp.com\/www.lafraternelle.info\/Site\/wp-content\/uploads\/2022\/02\/PERONNY.jpg?fit=216%2C310&amp;ssl=1\" data-orig-size=\"216,310\" data-comments-opened=\"0\" data-image-meta=\"{&quot;aperture&quot;:&quot;0&quot;,&quot;credit&quot;:&quot;&quot;,&quot;camera&quot;:&quot;&quot;,&quot;caption&quot;:&quot;&quot;,&quot;created_timestamp&quot;:&quot;0&quot;,&quot;copyright&quot;:&quot;&quot;,&quot;focal_length&quot;:&quot;0&quot;,&quot;iso&quot;:&quot;0&quot;,&quot;shutter_speed&quot;:&quot;0&quot;,&quot;title&quot;:&quot;&quot;,&quot;orientation&quot;:&quot;1&quot;}\" data-image-title=\"PERONNY\" data-image-description=\"\" data-image-caption=\"\" data-large-file=\"https:\/\/i0.wp.com\/www.lafraternelle.info\/Site\/wp-content\/uploads\/2022\/02\/PERONNY.jpg?fit=216%2C310&amp;ssl=1\" width=\"150\" height=\"150\" src=\"https:\/\/i0.wp.com\/www.lafraternelle.info\/Site\/wp-content\/uploads\/2022\/02\/PERONNY.jpg?resize=150%2C150&amp;ssl=1\" class=\"attachment-thumbnail size-thumbnail wp-image-1091\" alt=\"\" data-attachment-id=\"1091\" data-permalink=\"https:\/\/www.lafraternelle.info\/Site\/le-bureau\/peronny-2\/\" data-orig-file=\"https:\/\/i0.wp.com\/www.lafraternelle.info\/Site\/wp-content\/uploads\/2022\/02\/PERONNY.jpg?fit=216%2C310&amp;ssl=1\" data-orig-size=\"216,310\" data-comments-opened=\"0\" data-image-meta=\"{&quot;aperture&quot;:&quot;0&quot;,&quot;credit&quot;:&quot;&quot;,&quot;camera&quot;:&quot;&quot;,&quot;caption&quot;:&quot;&quot;,&quot;created_timestamp&quot;:&quot;0&quot;,&quot;copyright&quot;:&quot;&quot;,&quot;focal_length&quot;:&quot;0&quot;,&quot;iso&quot;:&quot;0&quot;,&quot;shutter_speed&quot;:&quot;0&quot;,&quot;title&quot;:&quot;&quot;,&quot;orientation&quot;:&quot;1&quot;}\" data-image-title=\"PERONNY\" data-image-description=\"\" data-image-caption=\"\" data-large-file=\"https:\/\/i0.wp.com\/www.lafraternelle.info\/Site\/wp-content\/uploads\/2022\/02\/PERONNY.jpg?fit=216%2C310&amp;ssl=1\" \/>\t\t\t\t\t\t\t\t\t\t\t\t\t\t\t<\/div>\n\t\t\t\t<\/div>\n\t\t\t\t<div class=\"elementor-element elementor-element-b720339 elementor-widget elementor-widget-text-editor\" data-id=\"b720339\" data-element_type=\"widget\" data-e-type=\"widget\" data-widget_type=\"text-editor.default\">\n\t\t\t\t<div class=\"elementor-widget-container\">\n\t\t\t\t\t\t\t\t\t<p style=\"text-align: center;\">PERONNY Albert<br \/>N\u00e9 le 21\/12\/1937 \u00e0 Dorcy (02)<br \/>9, impasse belle vue<br \/>57700 HAYANGE<br \/>Tel : 03 82 85 57 02<\/p>\t\t\t\t\t\t\t\t<\/div>\n\t\t\t\t<\/div>\n\t\t\t\t<\/div>\n\t\t<div class=\"elementor-element elementor-element-d953034 e-con-full e-flex e-con e-child\" data-id=\"d953034\" data-element_type=\"container\" data-e-type=\"container\">\n\t\t\t\t<div class=\"elementor-element elementor-element-9fc0b94 elementor-widget elementor-widget-heading\" data-id=\"9fc0b94\" data-element_type=\"widget\" data-e-type=\"widget\" data-widget_type=\"heading.default\">\n\t\t\t\t<div class=\"elementor-widget-container\">\n\t\t\t\t\t<h3 class=\"elementor-heading-title elementor-size-default\">Assesseurs<\/h3>\t\t\t\t<\/div>\n\t\t\t\t<\/div>\n\t\t\t\t<div class=\"elementor-element elementor-element-1664228 elementor-widget elementor-widget-image\" data-id=\"1664228\" data-element_type=\"widget\" data-e-type=\"widget\" data-widget_type=\"image.default\">\n\t\t\t\t<div class=\"elementor-widget-container\">\n\t\t\t\t\t\t\t\t\t\t\t\t\t\t\t<img loading=\"lazy\" decoding=\"async\" data-attachment-id=\"1095\" data-permalink=\"https:\/\/www.lafraternelle.info\/Site\/le-bureau\/walck\/\" data-orig-file=\"https:\/\/i0.wp.com\/www.lafraternelle.info\/Site\/wp-content\/uploads\/2022\/02\/WALCK.jpg?fit=218%2C292&amp;ssl=1\" data-orig-size=\"218,292\" data-comments-opened=\"0\" data-image-meta=\"{&quot;aperture&quot;:&quot;0&quot;,&quot;credit&quot;:&quot;&quot;,&quot;camera&quot;:&quot;&quot;,&quot;caption&quot;:&quot;&quot;,&quot;created_timestamp&quot;:&quot;0&quot;,&quot;copyright&quot;:&quot;&quot;,&quot;focal_length&quot;:&quot;0&quot;,&quot;iso&quot;:&quot;0&quot;,&quot;shutter_speed&quot;:&quot;0&quot;,&quot;title&quot;:&quot;&quot;,&quot;orientation&quot;:&quot;1&quot;}\" data-image-title=\"WALCK\" data-image-description=\"\" data-image-caption=\"\" data-large-file=\"https:\/\/i0.wp.com\/www.lafraternelle.info\/Site\/wp-content\/uploads\/2022\/02\/WALCK.jpg?fit=218%2C292&amp;ssl=1\" width=\"150\" height=\"150\" src=\"https:\/\/i0.wp.com\/www.lafraternelle.info\/Site\/wp-content\/uploads\/2022\/02\/WALCK.jpg?resize=150%2C150&amp;ssl=1\" class=\"attachment-thumbnail size-thumbnail wp-image-1095\" alt=\"\" data-attachment-id=\"1095\" data-permalink=\"https:\/\/www.lafraternelle.info\/Site\/le-bureau\/walck\/\" data-orig-file=\"https:\/\/i0.wp.com\/www.lafraternelle.info\/Site\/wp-content\/uploads\/2022\/02\/WALCK.jpg?fit=218%2C292&amp;ssl=1\" data-orig-size=\"218,292\" data-comments-opened=\"0\" data-image-meta=\"{&quot;aperture&quot;:&quot;0&quot;,&quot;credit&quot;:&quot;&quot;,&quot;camera&quot;:&quot;&quot;,&quot;caption&quot;:&quot;&quot;,&quot;created_timestamp&quot;:&quot;0&quot;,&quot;copyright&quot;:&quot;&quot;,&quot;focal_length&quot;:&quot;0&quot;,&quot;iso&quot;:&quot;0&quot;,&quot;shutter_speed&quot;:&quot;0&quot;,&quot;title&quot;:&quot;&quot;,&quot;orientation&quot;:&quot;1&quot;}\" data-image-title=\"WALCK\" data-image-description=\"\" data-image-caption=\"\" data-large-file=\"https:\/\/i0.wp.com\/www.lafraternelle.info\/Site\/wp-content\/uploads\/2022\/02\/WALCK.jpg?fit=218%2C292&amp;ssl=1\" \/>\t\t\t\t\t\t\t\t\t\t\t\t\t\t\t<\/div>\n\t\t\t\t<\/div>\n\t\t\t\t<div class=\"elementor-element elementor-element-cb2396a elementor-widget elementor-widget-text-editor\" data-id=\"cb2396a\" data-element_type=\"widget\" data-e-type=\"widget\" data-widget_type=\"text-editor.default\">\n\t\t\t\t<div class=\"elementor-widget-container\">\n\t\t\t\t\t\t\t\t\t<p style=\"text-align: center;\">WALCK Olivier<br \/>N\u00e9 le 12\/06\/1975 \u00e0 Thionville (57)<br \/>26 Rue des Ch\u00e2teaux<br \/>57570 Cattenom<br \/>Tel : 06 12 91 73 02<\/p>\t\t\t\t\t\t\t\t<\/div>\n\t\t\t\t<\/div>\n\t\t\t\t<\/div>\n\t\t\t\t\t<\/div>\n\t\t\t\t<\/div>\n\t\t<div class=\"elementor-element elementor-element-4bb4c8e e-flex e-con-boxed e-con e-parent\" data-id=\"4bb4c8e\" data-element_type=\"container\" data-e-type=\"container\">\n\t\t\t\t\t<div class=\"e-con-inner\">\n\t\t<div class=\"elementor-element elementor-element-deae3f1 e-con-full e-flex e-con e-child\" data-id=\"deae3f1\" data-element_type=\"container\" data-e-type=\"container\">\n\t\t\t\t<div class=\"elementor-element elementor-element-86a2129 elementor-widget elementor-widget-heading\" data-id=\"86a2129\" data-element_type=\"widget\" data-e-type=\"widget\" data-widget_type=\"heading.default\">\n\t\t\t\t<div class=\"elementor-widget-container\">\n\t\t\t\t\t<h3 class=\"elementor-heading-title elementor-size-default\">Assesseurs<\/h3>\t\t\t\t<\/div>\n\t\t\t\t<\/div>\n\t\t\t\t<div class=\"elementor-element elementor-element-f8f0edb elementor-widget elementor-widget-image\" data-id=\"f8f0edb\" data-element_type=\"widget\" data-e-type=\"widget\" data-widget_type=\"image.default\">\n\t\t\t\t<div class=\"elementor-widget-container\">\n\t\t\t\t\t\t\t\t\t\t\t\t\t\t\t<img loading=\"lazy\" decoding=\"async\" data-attachment-id=\"1089\" data-permalink=\"https:\/\/www.lafraternelle.info\/Site\/le-bureau\/miltgen-2\/\" data-orig-file=\"https:\/\/i0.wp.com\/www.lafraternelle.info\/Site\/wp-content\/uploads\/2022\/02\/MILTGEN.jpg?fit=216%2C310&amp;ssl=1\" data-orig-size=\"216,310\" data-comments-opened=\"0\" data-image-meta=\"{&quot;aperture&quot;:&quot;0&quot;,&quot;credit&quot;:&quot;&quot;,&quot;camera&quot;:&quot;&quot;,&quot;caption&quot;:&quot;&quot;,&quot;created_timestamp&quot;:&quot;0&quot;,&quot;copyright&quot;:&quot;&quot;,&quot;focal_length&quot;:&quot;0&quot;,&quot;iso&quot;:&quot;0&quot;,&quot;shutter_speed&quot;:&quot;0&quot;,&quot;title&quot;:&quot;&quot;,&quot;orientation&quot;:&quot;1&quot;}\" data-image-title=\"MILTGEN\" data-image-description=\"\" data-image-caption=\"\" data-large-file=\"https:\/\/i0.wp.com\/www.lafraternelle.info\/Site\/wp-content\/uploads\/2022\/02\/MILTGEN.jpg?fit=216%2C310&amp;ssl=1\" width=\"150\" height=\"150\" src=\"https:\/\/i0.wp.com\/www.lafraternelle.info\/Site\/wp-content\/uploads\/2022\/02\/MILTGEN.jpg?resize=150%2C150&amp;ssl=1\" class=\"attachment-thumbnail size-thumbnail wp-image-1089\" alt=\"\" data-attachment-id=\"1089\" data-permalink=\"https:\/\/www.lafraternelle.info\/Site\/le-bureau\/miltgen-2\/\" data-orig-file=\"https:\/\/i0.wp.com\/www.lafraternelle.info\/Site\/wp-content\/uploads\/2022\/02\/MILTGEN.jpg?fit=216%2C310&amp;ssl=1\" data-orig-size=\"216,310\" data-comments-opened=\"0\" data-image-meta=\"{&quot;aperture&quot;:&quot;0&quot;,&quot;credit&quot;:&quot;&quot;,&quot;camera&quot;:&quot;&quot;,&quot;caption&quot;:&quot;&quot;,&quot;created_timestamp&quot;:&quot;0&quot;,&quot;copyright&quot;:&quot;&quot;,&quot;focal_length&quot;:&quot;0&quot;,&quot;iso&quot;:&quot;0&quot;,&quot;shutter_speed&quot;:&quot;0&quot;,&quot;title&quot;:&quot;&quot;,&quot;orientation&quot;:&quot;1&quot;}\" data-image-title=\"MILTGEN\" data-image-description=\"\" data-image-caption=\"\" data-large-file=\"https:\/\/i0.wp.com\/www.lafraternelle.info\/Site\/wp-content\/uploads\/2022\/02\/MILTGEN.jpg?fit=216%2C310&amp;ssl=1\" \/>\t\t\t\t\t\t\t\t\t\t\t\t\t\t\t<\/div>\n\t\t\t\t<\/div>\n\t\t\t\t<div class=\"elementor-element elementor-element-8282103 elementor-widget elementor-widget-text-editor\" data-id=\"8282103\" data-element_type=\"widget\" data-e-type=\"widget\" data-widget_type=\"text-editor.default\">\n\t\t\t\t<div class=\"elementor-widget-container\">\n\t\t\t\t\t\t\t\t\t<p style=\"text-align: center;\">MILTGEN Denis<br \/>N\u00e9 le 30\/05\/1952 \u00e0 Thionville<br \/>4, grand rue<br \/>57970 OUDRENNE<br \/>Tel : 03 82 56 80 34<\/p>\t\t\t\t\t\t\t\t<\/div>\n\t\t\t\t<\/div>\n\t\t\t\t<\/div>\n\t\t<div class=\"elementor-element elementor-element-20e0679 e-con-full e-flex e-con e-child\" data-id=\"20e0679\" data-element_type=\"container\" data-e-type=\"container\">\n\t\t\t\t<div class=\"elementor-element elementor-element-2c1eb5c elementor-widget elementor-widget-heading\" data-id=\"2c1eb5c\" data-element_type=\"widget\" data-e-type=\"widget\" data-widget_type=\"heading.default\">\n\t\t\t\t<div class=\"elementor-widget-container\">\n\t\t\t\t\t<h3 class=\"elementor-heading-title elementor-size-default\">Assesseurs<\/h3>\t\t\t\t<\/div>\n\t\t\t\t<\/div>\n\t\t\t\t<div class=\"elementor-element elementor-element-3baaafe elementor-widget elementor-widget-image\" data-id=\"3baaafe\" data-element_type=\"widget\" data-e-type=\"widget\" data-widget_type=\"image.default\">\n\t\t\t\t<div class=\"elementor-widget-container\">\n\t\t\t\t\t\t\t\t\t\t\t\t\t\t\t<img loading=\"lazy\" decoding=\"async\" data-attachment-id=\"1093\" data-permalink=\"https:\/\/www.lafraternelle.info\/Site\/le-bureau\/scharff-2\/\" data-orig-file=\"https:\/\/i0.wp.com\/www.lafraternelle.info\/Site\/wp-content\/uploads\/2022\/02\/SCHARFF.jpg?fit=218%2C292&amp;ssl=1\" data-orig-size=\"218,292\" data-comments-opened=\"0\" data-image-meta=\"{&quot;aperture&quot;:&quot;0&quot;,&quot;credit&quot;:&quot;&quot;,&quot;camera&quot;:&quot;&quot;,&quot;caption&quot;:&quot;&quot;,&quot;created_timestamp&quot;:&quot;0&quot;,&quot;copyright&quot;:&quot;&quot;,&quot;focal_length&quot;:&quot;0&quot;,&quot;iso&quot;:&quot;0&quot;,&quot;shutter_speed&quot;:&quot;0&quot;,&quot;title&quot;:&quot;&quot;,&quot;orientation&quot;:&quot;1&quot;}\" data-image-title=\"SCHARFF\" data-image-description=\"\" data-image-caption=\"\" data-large-file=\"https:\/\/i0.wp.com\/www.lafraternelle.info\/Site\/wp-content\/uploads\/2022\/02\/SCHARFF.jpg?fit=218%2C292&amp;ssl=1\" width=\"150\" height=\"150\" src=\"https:\/\/i0.wp.com\/www.lafraternelle.info\/Site\/wp-content\/uploads\/2022\/02\/SCHARFF.jpg?resize=150%2C150&amp;ssl=1\" class=\"attachment-thumbnail size-thumbnail wp-image-1093\" alt=\"\" data-attachment-id=\"1093\" data-permalink=\"https:\/\/www.lafraternelle.info\/Site\/le-bureau\/scharff-2\/\" data-orig-file=\"https:\/\/i0.wp.com\/www.lafraternelle.info\/Site\/wp-content\/uploads\/2022\/02\/SCHARFF.jpg?fit=218%2C292&amp;ssl=1\" data-orig-size=\"218,292\" data-comments-opened=\"0\" data-image-meta=\"{&quot;aperture&quot;:&quot;0&quot;,&quot;credit&quot;:&quot;&quot;,&quot;camera&quot;:&quot;&quot;,&quot;caption&quot;:&quot;&quot;,&quot;created_timestamp&quot;:&quot;0&quot;,&quot;copyright&quot;:&quot;&quot;,&quot;focal_length&quot;:&quot;0&quot;,&quot;iso&quot;:&quot;0&quot;,&quot;shutter_speed&quot;:&quot;0&quot;,&quot;title&quot;:&quot;&quot;,&quot;orientation&quot;:&quot;1&quot;}\" data-image-title=\"SCHARFF\" data-image-description=\"\" data-image-caption=\"\" data-large-file=\"https:\/\/i0.wp.com\/www.lafraternelle.info\/Site\/wp-content\/uploads\/2022\/02\/SCHARFF.jpg?fit=218%2C292&amp;ssl=1\" \/>\t\t\t\t\t\t\t\t\t\t\t\t\t\t\t<\/div>\n\t\t\t\t<\/div>\n\t\t\t\t<div class=\"elementor-element elementor-element-d8b1aa6 elementor-widget elementor-widget-text-editor\" data-id=\"d8b1aa6\" data-element_type=\"widget\" data-e-type=\"widget\" data-widget_type=\"text-editor.default\">\n\t\t\t\t<div class=\"elementor-widget-container\">\n\t\t\t\t\t\t\t\t\t<p style=\"text-align: center;\">SCHARFF Jean-Marie<br \/>N\u00e9 le 17\/02\/1943 \u00e0 Thionville (57)<br \/>4 Impasse des Ardennes<br \/>57100 THIONVILLE<br \/>Tel : 03 82 34 70 98<\/p>\t\t\t\t\t\t\t\t<\/div>\n\t\t\t\t<\/div>\n\t\t\t\t<\/div>\n\t\t\t\t\t<\/div>\n\t\t\t\t<\/div>\n\t\t\t\t<\/div>\n\t\t","protected":false},"excerpt":{"rendered":"<p>Pr\u00e9sident DECET GabrielN\u00e9 le 12\/121954 \u00e0 Thionville(57)38, rue De Gaulle57330 HETTANGE-GRANDETel : 06 68 94 89 02 1er Vice Pr\u00e9sident CAUDERLIER MichelN\u00e9 le 29 \/06\/1950 \u00e0 Thionville (57)15 Rue de Lorraine57970 YUTZTel : 06 51 57 70 25 2\u00e8me Vice Pr\u00e9sident BAILLY ArnaudN\u00e9 le 15\/07 \/1970 \u00e0 Bar le duc (55)21 Rue des colombes57525 TalangeTel [&hellip;]<\/p>\n","protected":false},"author":1,"featured_media":0,"parent":0,"menu_order":0,"comment_status":"closed","ping_status":"closed","template":"","meta":{"_monsterinsights_skip_tracking":false,"_monsterinsights_sitenote_active":false,"_monsterinsights_sitenote_note":"","_monsterinsights_sitenote_category":0,"site-sidebar-layout":"default","site-content-layout":"","ast-site-content-layout":"default","site-content-style":"default","site-sidebar-style":"default","ast-global-header-display":"","ast-banner-title-visibility":"","ast-main-header-display":"","ast-hfb-above-header-display":"","ast-hfb-below-header-display":"","ast-hfb-mobile-header-display":"","site-post-title":"","ast-breadcrumbs-content":"","ast-featured-img":"","footer-sml-layout":"","ast-disable-related-posts":"","theme-transparent-header-meta":"","adv-header-id-meta":"","stick-header-meta":"","header-above-stick-meta":"","header-main-stick-meta":"","header-below-stick-meta":"","astra-migrate-meta-layouts":"default","ast-page-background-enabled":"default","ast-page-background-meta":{"desktop":{"background-color":"var(--ast-global-color-4)","background-image":"","background-repeat":"repeat","background-position":"center center","background-size":"auto","background-attachment":"scroll","background-type":"","background-media":"","overlay-type":"","overlay-color":"","overlay-opacity":"","overlay-gradient":""},"tablet":{"background-color":"","background-image":"","background-repeat":"repeat","background-position":"center center","background-size":"auto","background-attachment":"scroll","background-type":"","background-media":"","overlay-type":"","overlay-color":"","overlay-opacity":"","overlay-gradient":""},"mobile":{"background-color":"","background-image":"","background-repeat":"repeat","background-position":"center center","background-size":"auto","background-attachment":"scroll","background-type":"","background-media":"","overlay-type":"","overlay-color":"","overlay-opacity":"","overlay-gradient":""}},"ast-content-background-meta":{"desktop":{"background-color":"var(--ast-global-color-5)","background-image":"","background-repeat":"repeat","background-position":"center center","background-size":"auto","background-attachment":"scroll","background-type":"","background-media":"","overlay-type":"","overlay-color":"","overlay-opacity":"","overlay-gradient":""},"tablet":{"background-color":"var(--ast-global-color-5)","background-image":"","background-repeat":"repeat","background-position":"center center","background-size":"auto","background-attachment":"scroll","background-type":"","background-media":"","overlay-type":"","overlay-color":"","overlay-opacity":"","overlay-gradient":""},"mobile":{"background-color":"var(--ast-global-color-5)","background-image":"","background-repeat":"repeat","background-position":"center center","background-size":"auto","background-attachment":"scroll","background-type":"","background-media":"","overlay-type":"","overlay-color":"","overlay-opacity":"","overlay-gradient":""}},"jetpack_post_was_ever_published":false,"footnotes":""},"class_list":["post-142","page","type-page","status-publish","hentry"],"jetpack_sharing_enabled":true,"jetpack_shortlink":"https:\/\/wp.me\/P8cSoL-2i","jetpack-related-posts":[],"_links":{"self":[{"href":"https:\/\/www.lafraternelle.info\/Site\/wp-json\/wp\/v2\/pages\/142","targetHints":{"allow":["GET"]}}],"collection":[{"href":"https:\/\/www.lafraternelle.info\/Site\/wp-json\/wp\/v2\/pages"}],"about":[{"href":"https:\/\/www.lafraternelle.info\/Site\/wp-json\/wp\/v2\/types\/page"}],"author":[{"embeddable":true,"href":"https:\/\/www.lafraternelle.info\/Site\/wp-json\/wp\/v2\/users\/1"}],"replies":[{"embeddable":true,"href":"https:\/\/www.lafraternelle.info\/Site\/wp-json\/wp\/v2\/comments?post=142"}],"version-history":[{"count":42,"href":"https:\/\/www.lafraternelle.info\/Site\/wp-json\/wp\/v2\/pages\/142\/revisions"}],"predecessor-version":[{"id":2052,"href":"https:\/\/www.lafraternelle.info\/Site\/wp-json\/wp\/v2\/pages\/142\/revisions\/2052"}],"wp:attachment":[{"href":"https:\/\/www.lafraternelle.info\/Site\/wp-json\/wp\/v2\/media?parent=142"}],"curies":[{"name":"wp","href":"https:\/\/api.w.org\/{rel}","templated":true}]}}