{"id":62,"date":"2016-12-12T17:33:04","date_gmt":"2016-12-12T16:33:04","guid":{"rendered":"http:\/\/www.lafraternelle.info\/Site\/?page_id=62"},"modified":"2026-02-08T12:23:02","modified_gmt":"2026-02-08T11:23:02","slug":"la-garderie","status":"publish","type":"page","link":"http:\/\/www.lafraternelle.info\/Site\/la-garderie\/","title":{"rendered":"La garderie"},"content":{"rendered":"\t\t<div data-elementor-type=\"wp-page\" data-elementor-id=\"62\" class=\"elementor elementor-62\">\n\t\t\t\t<div class=\"elementor-element elementor-element-606baa3b e-flex e-con-boxed e-con e-parent\" data-id=\"606baa3b\" data-element_type=\"container\" data-e-type=\"container\">\n\t\t\t\t\t<div class=\"e-con-inner\">\n\t\t\t\t<div class=\"elementor-element elementor-element-28fd9132 elementor-widget elementor-widget-text-editor\" data-id=\"28fd9132\" data-element_type=\"widget\" data-e-type=\"widget\" data-widget_type=\"text-editor.default\">\n\t\t\t\t<div class=\"elementor-widget-container\">\n\t\t\t\t\t\t\t\t\t<table style=\"text-align: center; width: 850px;\" border=\"0\" cellspacing=\"2\" cellpadding=\"2\"><tbody><tr><td style=\"vertical-align: top; width: 200px; text-align: center;\"><img decoding=\"async\" data-attachment-id=\"947\" data-permalink=\"http:\/\/www.lafraternelle.info\/Site\/la-garderie\/gilvincent\/\" data-orig-file=\"https:\/\/i0.wp.com\/www.lafraternelle.info\/Site\/wp-content\/uploads\/2020\/02\/gilvincent.jpg?fit=150%2C150\" data-orig-size=\"150,150\" data-comments-opened=\"0\" data-image-meta=\"{&quot;aperture&quot;:&quot;0&quot;,&quot;credit&quot;:&quot;&quot;,&quot;camera&quot;:&quot;&quot;,&quot;caption&quot;:&quot;&quot;,&quot;created_timestamp&quot;:&quot;0&quot;,&quot;copyright&quot;:&quot;&quot;,&quot;focal_length&quot;:&quot;0&quot;,&quot;iso&quot;:&quot;0&quot;,&quot;shutter_speed&quot;:&quot;0&quot;,&quot;title&quot;:&quot;&quot;,&quot;orientation&quot;:&quot;0&quot;}\" data-image-title=\"gilvincent\" data-image-description=\"\" data-image-caption=\"\" data-large-file=\"https:\/\/i0.wp.com\/www.lafraternelle.info\/Site\/wp-content\/uploads\/2020\/02\/gilvincent.jpg?fit=150%2C150\" data-recalc-dims=\"1\" class=\"alignnone size-full wp-image-947\" src=\"https:\/\/i0.wp.com\/www.lafraternelle.info\/Site\/wp-content\/uploads\/2020\/02\/gilvincent.jpg?resize=150%2C150\" alt=\"\" width=\"150\" height=\"150\" \/><\/td><td style=\"vertical-align: top; width: 200px; text-align: center;\"><img decoding=\"async\" data-attachment-id=\"240\" data-permalink=\"http:\/\/www.lafraternelle.info\/Site\/la-garderie\/garde1\/\" data-orig-file=\"https:\/\/i0.wp.com\/www.lafraternelle.info\/Site\/wp-content\/uploads\/2016\/12\/garde1.png?fit=150%2C150\" data-orig-size=\"150,150\" data-comments-opened=\"0\" data-image-meta=\"{&quot;aperture&quot;:&quot;0&quot;,&quot;credit&quot;:&quot;&quot;,&quot;camera&quot;:&quot;&quot;,&quot;caption&quot;:&quot;&quot;,&quot;created_timestamp&quot;:&quot;0&quot;,&quot;copyright&quot;:&quot;&quot;,&quot;focal_length&quot;:&quot;0&quot;,&quot;iso&quot;:&quot;0&quot;,&quot;shutter_speed&quot;:&quot;0&quot;,&quot;title&quot;:&quot;&quot;,&quot;orientation&quot;:&quot;0&quot;}\" data-image-title=\"garde1\" data-image-description=\"\" data-image-caption=\"\" data-large-file=\"https:\/\/i0.wp.com\/www.lafraternelle.info\/Site\/wp-content\/uploads\/2016\/12\/garde1.png?fit=150%2C150\" data-recalc-dims=\"1\" class=\"alignnone size-full wp-image-240\" src=\"https:\/\/i0.wp.com\/www.lafraternelle.info\/Site\/wp-content\/uploads\/2016\/12\/garde1.png?resize=150%2C150\" alt=\"garde1\" width=\"150\" height=\"150\" \/><\/td><td style=\"vertical-align: top; width: 200px; text-align: center;\"><img decoding=\"async\" data-attachment-id=\"1763\" data-permalink=\"http:\/\/www.lafraternelle.info\/Site\/thumbnail_herve-jacob\/\" data-orig-file=\"https:\/\/i0.wp.com\/www.lafraternelle.info\/Site\/wp-content\/uploads\/2023\/12\/thumbnail_Herve-JACOB-e1701760389899.jpg?fit=700%2C700\" data-orig-size=\"700,700\" data-comments-opened=\"0\" data-image-meta=\"{&quot;aperture&quot;:&quot;0&quot;,&quot;credit&quot;:&quot;&quot;,&quot;camera&quot;:&quot;&quot;,&quot;caption&quot;:&quot;&quot;,&quot;created_timestamp&quot;:&quot;0&quot;,&quot;copyright&quot;:&quot;&quot;,&quot;focal_length&quot;:&quot;0&quot;,&quot;iso&quot;:&quot;0&quot;,&quot;shutter_speed&quot;:&quot;0&quot;,&quot;title&quot;:&quot;&quot;,&quot;orientation&quot;:&quot;0&quot;}\" data-image-title=\"thumbnail_Herve JACOB\" data-image-description=\"\" data-image-caption=\"\" data-large-file=\"https:\/\/i0.wp.com\/www.lafraternelle.info\/Site\/wp-content\/uploads\/2023\/12\/thumbnail_Herve-JACOB-e1701760389899.jpg?fit=478%2C1024\" data-recalc-dims=\"1\" class=\"alignnone size-thumbnail wp-image-1763\" src=\"https:\/\/i0.wp.com\/www.lafraternelle.info\/Site\/wp-content\/uploads\/2023\/12\/thumbnail_Herve-JACOB-e1701760389899-150x150.jpg?resize=150%2C150\" alt=\"\" width=\"150\" height=\"150\" srcset=\"https:\/\/i0.wp.com\/www.lafraternelle.info\/Site\/wp-content\/uploads\/2023\/12\/thumbnail_Herve-JACOB-e1701760389899.jpg?resize=150%2C150 150w, https:\/\/i0.wp.com\/www.lafraternelle.info\/Site\/wp-content\/uploads\/2023\/12\/thumbnail_Herve-JACOB-e1701760389899.jpg?resize=300%2C300 300w, https:\/\/i0.wp.com\/www.lafraternelle.info\/Site\/wp-content\/uploads\/2023\/12\/thumbnail_Herve-JACOB-e1701760389899.jpg?w=700 700w\" sizes=\"(max-width: 150px) 100vw, 150px\" \/><\/td><td style=\"vertical-align: top; width: 200px; text-align: center;\"><img loading=\"lazy\" decoding=\"async\" data-attachment-id=\"1941\" data-permalink=\"http:\/\/www.lafraternelle.info\/Site\/christ\/\" data-orig-file=\"https:\/\/i0.wp.com\/www.lafraternelle.info\/Site\/wp-content\/uploads\/2024\/04\/CHRIST.png?fit=218%2C246\" data-orig-size=\"218,246\" data-comments-opened=\"0\" data-image-meta=\"{&quot;aperture&quot;:&quot;0&quot;,&quot;credit&quot;:&quot;&quot;,&quot;camera&quot;:&quot;&quot;,&quot;caption&quot;:&quot;&quot;,&quot;created_timestamp&quot;:&quot;0&quot;,&quot;copyright&quot;:&quot;&quot;,&quot;focal_length&quot;:&quot;0&quot;,&quot;iso&quot;:&quot;0&quot;,&quot;shutter_speed&quot;:&quot;0&quot;,&quot;title&quot;:&quot;&quot;,&quot;orientation&quot;:&quot;0&quot;}\" data-image-title=\"CHRIST\" data-image-description=\"\" data-image-caption=\"\" data-large-file=\"https:\/\/i0.wp.com\/www.lafraternelle.info\/Site\/wp-content\/uploads\/2024\/04\/CHRIST.png?fit=218%2C246\" data-recalc-dims=\"1\" class=\"alignnone wp-image-1941 size-thumbnail\" src=\"https:\/\/i0.wp.com\/www.lafraternelle.info\/Site\/wp-content\/uploads\/2024\/04\/CHRIST.png?resize=150%2C150\" alt=\"\" width=\"150\" height=\"150\" \/><\/td><td style=\"vertical-align: top; width: 200px; text-align: center;\"><img loading=\"lazy\" decoding=\"async\" data-attachment-id=\"2668\" data-permalink=\"http:\/\/www.lafraternelle.info\/Site\/charron-daniel\/\" data-orig-file=\"https:\/\/i0.wp.com\/www.lafraternelle.info\/Site\/wp-content\/uploads\/2026\/02\/Charron-Daniel.jpg?fit=1413%2C1843\" data-orig-size=\"1413,1843\" data-comments-opened=\"0\" data-image-meta=\"{&quot;aperture&quot;:&quot;0&quot;,&quot;credit&quot;:&quot;&quot;,&quot;camera&quot;:&quot;&quot;,&quot;caption&quot;:&quot;&quot;,&quot;created_timestamp&quot;:&quot;0&quot;,&quot;copyright&quot;:&quot;&quot;,&quot;focal_length&quot;:&quot;0&quot;,&quot;iso&quot;:&quot;0&quot;,&quot;shutter_speed&quot;:&quot;0&quot;,&quot;title&quot;:&quot;&quot;,&quot;orientation&quot;:&quot;0&quot;}\" data-image-title=\"Charron Daniel\" data-image-description=\"\" data-image-caption=\"\" data-large-file=\"https:\/\/i0.wp.com\/www.lafraternelle.info\/Site\/wp-content\/uploads\/2026\/02\/Charron-Daniel.jpg?fit=785%2C1024\" data-recalc-dims=\"1\" class=\"alignnone size-thumbnail wp-image-2668\" src=\"https:\/\/i0.wp.com\/www.lafraternelle.info\/Site\/wp-content\/uploads\/2026\/02\/Charron-Daniel.jpg?resize=150%2C150\" alt=\"\" width=\"150\" height=\"150\" srcset=\"https:\/\/i0.wp.com\/www.lafraternelle.info\/Site\/wp-content\/uploads\/2026\/02\/Charron-Daniel.jpg?resize=150%2C150 150w, https:\/\/i0.wp.com\/www.lafraternelle.info\/Site\/wp-content\/uploads\/2026\/02\/Charron-Daniel.jpg?zoom=2&amp;resize=150%2C150 300w, https:\/\/i0.wp.com\/www.lafraternelle.info\/Site\/wp-content\/uploads\/2026\/02\/Charron-Daniel.jpg?zoom=3&amp;resize=150%2C150 450w\" sizes=\"(max-width: 150px) 100vw, 150px\" \/><\/td><\/tr><\/tbody><\/table><p>La surveillance de notre domaine piscicole est assur\u00e9 par 5 gardes asserment\u00e9s:<\/p><ul><li>Mr <span style=\"color: #339966;\"><strong>Vincent GIL<\/strong><\/span>\u00a0 \u00a0 \u00a0 \u00a0 \u00a0 \u00a0 \u00a0 \u00a0 \u00a0 \u00a0 \u00a0 \u00a0\u00a0 T\u00e9l: <span style=\"color: #339966;\"><strong>06 30 60 01 34<\/strong><\/span><\/li><li>Mr <span style=\"color: #339966;\"><strong>Alphonse ROUPPERT<\/strong><\/span> \u00a0\u00a0 \u00a0 \u00a0 T\u00e9l: <span style=\"color: #339966;\"><strong>06 27 72 85 51<\/strong><\/span><\/li><li>Mr <strong><span style=\"color: #3da834;\"><span style=\"color: #339966;\">Herv\u00e9 JACOB<\/span>\u00a0 \u00a0 \u00a0 \u00a0 \u00a0 \u00a0 \u00a0 \u00a0 \u00a0 \u00a0 \u00a0<\/span><\/strong> \u00a0 T\u00e9l: <span style=\"color: #339966;\"><strong>06 25 02 65 53<\/strong><\/span><\/li><li>Mr <span style=\"color: #339966;\"><strong>Laurent CHRIST<\/strong><\/span>\u00a0\u00a0\u00a0\u00a0\u00a0\u00a0\u00a0\u00a0\u00a0\u00a0\u00a0\u00a0\u00a0 \u00a0 \u00a0 T\u00e9l: <strong><span style=\"color: #339966;\">07.88.80.48.82<\/span><\/strong><\/li><li>Mr <strong><span style=\"color: #339966;\">Damien MUROVEC<\/span><\/strong>\u00a0\u00a0\u00a0\u00a0\u00a0\u00a0\u00a0\u00a0\u00a0\u00a0\u00a0\u00a0 T\u00e9l:<strong><span style=\"color: #339966;\"> 06.98.35.04.21 <\/span><\/strong><\/li><li>Mr <strong><span style=\"color: #339966;\">Daniel CHARRON\u00a0<\/span><\/strong> \u00a0\u00a0\u00a0\u00a0 \u00a0\u00a0 \u00a0 \u00a0 \u00a0 T\u00e9l: <span style=\"color: #339966;\"><strong>07.82.89.60.18 <\/strong><\/span><\/li><\/ul><p>Les membres du Conseil d\u2019Administration sont titulaires d\u2019une carte police de la p\u00eache et interviennent sur le domaine priv\u00e9 de l\u2019Association<\/p><p>Le service de gardiennage est plac\u00e9 sous l\u2019autorit\u00e9 directe du Pr\u00e9sident <span style=\"color: #339966;\"><strong>06 68 94 89 02<\/strong><\/span><\/p><p>La protection de nos sites de p\u00eache est l\u2019affaire de tous, en cas de constat de d\u00e9lit n\u2019h\u00e9sitez pas \u00e0 pr\u00e9venir la garderie ou un membre du CA.<\/p><p><span style=\"color: #3da834;\"><strong>Comment mesurer un poisson ?<\/strong><\/span><\/p><p><img loading=\"lazy\" decoding=\"async\" data-attachment-id=\"531\" data-permalink=\"http:\/\/www.lafraternelle.info\/Site\/la-garderie\/mesurepoisson\/\" data-orig-file=\"https:\/\/i0.wp.com\/www.lafraternelle.info\/Site\/wp-content\/uploads\/2016\/12\/mesurepoisson.png?fit=421%2C253\" data-orig-size=\"421,253\" data-comments-opened=\"0\" data-image-meta=\"{&quot;aperture&quot;:&quot;0&quot;,&quot;credit&quot;:&quot;&quot;,&quot;camera&quot;:&quot;&quot;,&quot;caption&quot;:&quot;&quot;,&quot;created_timestamp&quot;:&quot;0&quot;,&quot;copyright&quot;:&quot;&quot;,&quot;focal_length&quot;:&quot;0&quot;,&quot;iso&quot;:&quot;0&quot;,&quot;shutter_speed&quot;:&quot;0&quot;,&quot;title&quot;:&quot;&quot;,&quot;orientation&quot;:&quot;0&quot;}\" data-image-title=\"mesurepoisson\" data-image-description=\"\" data-image-caption=\"\" data-large-file=\"https:\/\/i0.wp.com\/www.lafraternelle.info\/Site\/wp-content\/uploads\/2016\/12\/mesurepoisson.png?fit=421%2C253\" data-recalc-dims=\"1\" class=\"alignnone wp-image-531 size-full\" src=\"https:\/\/i0.wp.com\/www.lafraternelle.info\/Site\/wp-content\/uploads\/2016\/12\/mesurepoisson.png?resize=421%2C253\" alt=\"Poisson\" width=\"421\" height=\"253\" srcset=\"https:\/\/i0.wp.com\/www.lafraternelle.info\/Site\/wp-content\/uploads\/2016\/12\/mesurepoisson.png?w=421 421w, https:\/\/i0.wp.com\/www.lafraternelle.info\/Site\/wp-content\/uploads\/2016\/12\/mesurepoisson.png?resize=300%2C180 300w\" sizes=\"(max-width: 421px) 100vw, 421px\" \/><\/p>\t\t\t\t\t\t\t\t<\/div>\n\t\t\t\t<\/div>\n\t\t\t\t\t<\/div>\n\t\t\t\t<\/div>\n\t\t\t\t<\/div>\n\t\t","protected":false},"excerpt":{"rendered":"<p>La surveillance de notre domaine piscicole est assur\u00e9 par 5 gardes asserment\u00e9s: Mr Vincent GIL\u00a0 \u00a0 \u00a0 \u00a0 \u00a0 \u00a0 \u00a0 \u00a0 \u00a0 \u00a0 \u00a0 \u00a0\u00a0 T\u00e9l: 06 30 60 01 34 Mr Alphonse ROUPPERT \u00a0\u00a0 \u00a0 \u00a0 T\u00e9l: 06 27 72 85 51 Mr Herv\u00e9 JACOB\u00a0 \u00a0 \u00a0 \u00a0 \u00a0 \u00a0 \u00a0 \u00a0 \u00a0 [&hellip;]<\/p>\n","protected":false},"author":1,"featured_media":0,"parent":0,"menu_order":0,"comment_status":"closed","ping_status":"closed","template":"","meta":{"_monsterinsights_skip_tracking":false,"_monsterinsights_sitenote_active":false,"_monsterinsights_sitenote_note":"","_monsterinsights_sitenote_category":0,"site-sidebar-layout":"default","site-content-layout":"","ast-site-content-layout":"default","site-content-style":"default","site-sidebar-style":"default","ast-global-header-display":"","ast-banner-title-visibility":"","ast-main-header-display":"","ast-hfb-above-header-display":"","ast-hfb-below-header-display":"","ast-hfb-mobile-header-display":"","site-post-title":"","ast-breadcrumbs-content":"","ast-featured-img":"","footer-sml-layout":"","ast-disable-related-posts":"","theme-transparent-header-meta":"","adv-header-id-meta":"","stick-header-meta":"","header-above-stick-meta":"","header-main-stick-meta":"","header-below-stick-meta":"","astra-migrate-meta-layouts":"default","ast-page-background-enabled":"default","ast-page-background-meta":{"desktop":{"background-color":"var(--ast-global-color-4)","background-image":"","background-repeat":"repeat","background-position":"center center","background-size":"auto","background-attachment":"scroll","background-type":"","background-media":"","overlay-type":"","overlay-color":"","overlay-opacity":"","overlay-gradient":""},"tablet":{"background-color":"","background-image":"","background-repeat":"repeat","background-position":"center center","background-size":"auto","background-attachment":"scroll","background-type":"","background-media":"","overlay-type":"","overlay-color":"","overlay-opacity":"","overlay-gradient":""},"mobile":{"background-color":"","background-image":"","background-repeat":"repeat","background-position":"center center","background-size":"auto","background-attachment":"scroll","background-type":"","background-media":"","overlay-type":"","overlay-color":"","overlay-opacity":"","overlay-gradient":""}},"ast-content-background-meta":{"desktop":{"background-color":"var(--ast-global-color-5)","background-image":"","background-repeat":"repeat","background-position":"center center","background-size":"auto","background-attachment":"scroll","background-type":"","background-media":"","overlay-type":"","overlay-color":"","overlay-opacity":"","overlay-gradient":""},"tablet":{"background-color":"var(--ast-global-color-5)","background-image":"","background-repeat":"repeat","background-position":"center center","background-size":"auto","background-attachment":"scroll","background-type":"","background-media":"","overlay-type":"","overlay-color":"","overlay-opacity":"","overlay-gradient":""},"mobile":{"background-color":"var(--ast-global-color-5)","background-image":"","background-repeat":"repeat","background-position":"center center","background-size":"auto","background-attachment":"scroll","background-type":"","background-media":"","overlay-type":"","overlay-color":"","overlay-opacity":"","overlay-gradient":""}},"jetpack_post_was_ever_published":false,"footnotes":""},"class_list":["post-62","page","type-page","status-publish","hentry"],"jetpack_sharing_enabled":true,"jetpack_shortlink":"https:\/\/wp.me\/P8cSoL-10","jetpack-related-posts":[],"_links":{"self":[{"href":"http:\/\/www.lafraternelle.info\/Site\/wp-json\/wp\/v2\/pages\/62","targetHints":{"allow":["GET"]}}],"collection":[{"href":"http:\/\/www.lafraternelle.info\/Site\/wp-json\/wp\/v2\/pages"}],"about":[{"href":"http:\/\/www.lafraternelle.info\/Site\/wp-json\/wp\/v2\/types\/page"}],"author":[{"embeddable":true,"href":"http:\/\/www.lafraternelle.info\/Site\/wp-json\/wp\/v2\/users\/1"}],"replies":[{"embeddable":true,"href":"http:\/\/www.lafraternelle.info\/Site\/wp-json\/wp\/v2\/comments?post=62"}],"version-history":[{"count":34,"href":"http:\/\/www.lafraternelle.info\/Site\/wp-json\/wp\/v2\/pages\/62\/revisions"}],"predecessor-version":[{"id":2692,"href":"http:\/\/www.lafraternelle.info\/Site\/wp-json\/wp\/v2\/pages\/62\/revisions\/2692"}],"wp:attachment":[{"href":"http:\/\/www.lafraternelle.info\/Site\/wp-json\/wp\/v2\/media?parent=62"}],"curies":[{"name":"wp","href":"https:\/\/api.w.org\/{rel}","templated":true}]}}